{"id":99485,"date":"2025-10-05T11:24:28","date_gmt":"2025-10-05T11:24:28","guid":{"rendered":"https:\/\/dancedifferent.cz\/osobni-udaje\/"},"modified":"2025-10-05T11:38:04","modified_gmt":"2025-10-05T11:38:04","slug":"privacy-policy","status":"publish","type":"page","link":"https:\/\/dancedifferent.cz\/en\/privacy-policy\/","title":{"rendered":"Privacy policy"},"content":{"rendered":"\n<div class=\"wp-block-group alignwide is-layout-flow wp-block-group-is-layout-flow\">\n<p><strong>\u00davodn\u00ed ustanoven\u00ed<\/strong><br><strong>Yaroslav Loginov<\/strong>, I\u010c:&nbsp;<strong>05732310<\/strong>, se s\u00eddlem&nbsp;<strong>Bojasova 1250\/17, 182 00 Praha 8 \u2013 Kobylisy<\/strong>, poskytuje slu\u017eby v oblasti v\u00fduky tance a po\u0159\u00e1d\u00e1n\u00ed kulturn\u00edch a spole\u010densk\u00fdch akc\u00ed pod obchodn\u00ed zna\u010dkou&nbsp;<strong>\u201eDanceDifferent\u201c<\/strong>&nbsp;(d\u00e1le jen \u201eDanceDifferent\u201c).<br>Tento dokument informuje subjekty osobn\u00edch \u00fadaj\u016f o shroma\u017e\u010fov\u00e1n\u00ed a zpracov\u00e1v\u00e1n\u00ed osobn\u00edch \u00fadaj\u016f v souladu s&nbsp;<strong>Na\u0159\u00edzen\u00edm Evropsk\u00e9ho parlamentu a Rady (EU) 2016\/679 (GDPR)<\/strong>&nbsp;a souvisej\u00edc\u00edmi \u010desk\u00fdmi pr\u00e1vn\u00edmi p\u0159edpisy.<\/p>\n\n\n\n<p><strong>Obsahem Z\u00e1sad jsou:<\/strong><\/p>\n\n\n\n<ul class=\"wp-block-list\">\n<li>Jak\u00e9 osobn\u00ed \u00fadaje budeme zpracov\u00e1vat<\/li>\n\n\n\n<li>Za jak\u00fdmi \u00fa\u010dely a jak\u00fdm zp\u016fsobem budeme osobn\u00ed \u00fadaje zpracov\u00e1vat<\/li>\n\n\n\n<li>Komu mohou b\u00fdt osobn\u00ed \u00fadaje p\u0159ed\u00e1ny<\/li>\n\n\n\n<li>Po jakou dobu budeme osobn\u00ed \u00fadaje zpracov\u00e1vat<\/li>\n\n\n\n<li>Jak\u00e1 jsou pr\u00e1va subjekt\u016f \u00fadaj\u016f ve vztahu k ochran\u011b osobn\u00edch \u00fadaj\u016f<\/li>\n<\/ul>\n\n\n\n<hr class=\"wp-block-separator has-alpha-channel-opacity\"\/>\n\n\n\n<h3 class=\"wp-block-heading\"><strong>Rozsah zpracov\u00e1n\u00ed osobn\u00edch \u00fadaj\u016f<\/strong><\/h3>\n\n\n\n<p>DanceDifferent zpracov\u00e1v\u00e1 tyto kategorie osobn\u00edch \u00fadaj\u016f:<\/p>\n\n\n\n<ul class=\"wp-block-list\">\n<li>Jm\u00e9no a p\u0159\u00edjmen\u00ed<\/li>\n\n\n\n<li>Adresa<\/li>\n\n\n\n<li>Email<\/li>\n\n\n\n<li>Telefonn\u00ed \u010d\u00edslo<\/li>\n\n\n\n<li>Faktura\u010dn\u00ed a transak\u010dn\u00ed \u00fadaje<\/li>\n\n\n\n<li>Datum narozen\u00ed (p\u0159edev\u0161\u00edm pro mladistv\u00e9 klienty)<\/li>\n\n\n\n<li>\u00dadaj o zdravotn\u00ed nezp\u016fsobilosti (nap\u0159. p\u0159i vyu\u017eit\u00ed storna \u010di odstoupen\u00ed od slu\u017eby)<\/li>\n\n\n\n<li>Informace ze vz\u00e1jemn\u00e9 komunikace<\/li>\n\n\n\n<li>Fotografick\u00e9 nebo video z\u00e1znamy z kurz\u016f a akc\u00ed<\/li>\n<\/ul>\n\n\n\n<hr class=\"wp-block-separator has-alpha-channel-opacity\"\/>\n\n\n\n<h3 class=\"wp-block-heading\"><strong>\u00da\u010dely a doby zpracov\u00e1n\u00ed osobn\u00edch \u00fadaj\u016f<\/strong><\/h3>\n\n\n\n<p><strong>a) Pln\u011bn\u00ed smluvn\u00edho z\u00e1vazku (\u010dl. 6 odst. 1 p\u00edsm. b) GDPR)<\/strong><br>Osobn\u00ed \u00fadaje jsou zpracov\u00e1v\u00e1ny po dobu jedn\u00e1n\u00ed o uzav\u0159en\u00ed smlouvy a n\u00e1sledn\u011b po dobu&nbsp;<strong>5 let<\/strong>&nbsp;od skon\u010den\u00ed slu\u017eby.<\/p>\n\n\n\n<p><strong>b) Z\u00e1konn\u00e9 povinnosti (\u010dl. 6 odst. 1 p\u00edsm. c) GDPR)<\/strong><br>Zpracov\u00e1n\u00ed osobn\u00edch \u00fadaj\u016f dle z\u00e1konn\u00fdch po\u017eadavk\u016f (nap\u0159. \u00fa\u010detnictv\u00ed, dan\u011b) po z\u00e1konem stanovenou dobu \u2013 v p\u0159\u00edpad\u011b \u00fa\u010detn\u00edch a da\u0148ov\u00fdch doklad\u016f&nbsp;<strong>minim\u00e1ln\u011b 10 let<\/strong>.<\/p>\n\n\n\n<p><strong>c) Opr\u00e1vn\u011bn\u00e9 z\u00e1jmy (\u010dl. 6 odst. 1 p\u00edsm. f) GDPR)<\/strong><br>DanceDifferent uchov\u00e1v\u00e1 osobn\u00ed \u00fadaje pro ochranu pr\u00e1v a pr\u00e1vn\u00edch z\u00e1jm\u016f po dobu&nbsp;<strong>5 let<\/strong>&nbsp;od ukon\u010den\u00ed slu\u017eby.<\/p>\n\n\n\n<p><strong>d) Marketing a newsletter (\u010dl. 6 odst. 1 p\u00edsm. a) GDPR)<\/strong><br>Pokud jste poskytli souhlas se zas\u00edl\u00e1n\u00edm marketingov\u00fdch informac\u00ed (nap\u0159. newsletter\u016f), uchov\u00e1v\u00e1me va\u0161e \u00fadaje po dobu&nbsp;<strong>5 let<\/strong>&nbsp;nebo do&nbsp;<strong>odvol\u00e1n\u00ed souhlasu<\/strong>.<\/p>\n\n\n\n<hr class=\"wp-block-separator has-alpha-channel-opacity\"\/>\n\n\n\n<h3 class=\"wp-block-heading\"><strong>P\u0159ed\u00e1v\u00e1n\u00ed osobn\u00edch \u00fadaj\u016f t\u0159et\u00edm osob\u00e1m<\/strong><\/h3>\n\n\n\n<p>Osobn\u00ed \u00fadaje mohou b\u00fdt p\u0159ed\u00e1ny:<\/p>\n\n\n\n<ul class=\"wp-block-list\">\n<li>Org\u00e1n\u016fm st\u00e1tn\u00ed spr\u00e1vy (nap\u0159. finan\u010dn\u00ed \u00fa\u0159ady, soudy)<\/li>\n\n\n\n<li>Poskytovatel\u016fm slu\u017eeb (nap\u0159. \u00fa\u010detn\u00ed kancel\u00e1\u0159e, pr\u00e1vn\u00ed kancel\u00e1\u0159e, lekto\u0159i kurz\u016f)<\/li>\n\n\n\n<li>Technick\u00fdm zpracovatel\u016fm dat (nap\u0159. poskytovatel\u00e9 e-mailov\u00fdch slu\u017eeb nebo cloudov\u00fdch \u0159e\u0161en\u00ed v souladu s GDPR)<\/li>\n<\/ul>\n\n\n\n<hr class=\"wp-block-separator has-alpha-channel-opacity\"\/>\n\n\n\n<h3 class=\"wp-block-heading\"><strong>P\u0159ed\u00e1v\u00e1n\u00ed osobn\u00edch \u00fadaj\u016f do t\u0159et\u00edch zem\u00ed<\/strong><\/h3>\n\n\n\n<p>Pokud jsou va\u0161e \u00fadaje p\u0159ed\u00e1v\u00e1ny mimo EU\/EHP, zaji\u0161\u0165ujeme odpov\u00eddaj\u00edc\u00ed \u00farove\u0148 ochrany prost\u0159ednictv\u00edm&nbsp;<strong>standardn\u00edch smluvn\u00edch dolo\u017eek EU<\/strong>.<\/p>\n\n\n\n<hr class=\"wp-block-separator has-alpha-channel-opacity\"\/>\n\n\n\n<h3 class=\"wp-block-heading\"><strong>Pr\u00e1va subjekt\u016f \u00fadaj\u016f<\/strong><\/h3>\n\n\n\n<ul class=\"wp-block-list\">\n<li><strong>Pr\u00e1vo na p\u0159\u00edstup:<\/strong>\u00a0M\u00e1te pr\u00e1vo v\u011bd\u011bt, jak\u00e9 \u00fadaje o v\u00e1s zpracov\u00e1v\u00e1me.<\/li>\n\n\n\n<li><strong>Pr\u00e1vo na opravu:<\/strong>\u00a0M\u00e1te pr\u00e1vo po\u017e\u00e1dat o opravu nep\u0159esn\u00fdch \u00fadaj\u016f.<\/li>\n\n\n\n<li><strong>Pr\u00e1vo na v\u00fdmaz:<\/strong>\u00a0M\u016f\u017eete po\u017e\u00e1dat o v\u00fdmaz osobn\u00edch \u00fadaj\u016f.<\/li>\n\n\n\n<li><strong>Pr\u00e1vo na omezen\u00ed zpracov\u00e1n\u00ed:<\/strong>\u00a0M\u016f\u017eete po\u017e\u00e1dat o omezen\u00ed zpracov\u00e1n\u00ed va\u0161ich \u00fadaj\u016f.<\/li>\n\n\n\n<li><strong>Pr\u00e1vo na p\u0159enositelnost \u00fadaj\u016f:<\/strong>\u00a0M\u016f\u017eete po\u017e\u00e1dat o p\u0159enos sv\u00fdch \u00fadaj\u016f k jin\u00e9mu spr\u00e1vci.<\/li>\n\n\n\n<li><strong>Pr\u00e1vo vzn\u00e9st n\u00e1mitku:<\/strong>\u00a0M\u016f\u017eete vzn\u00e9st n\u00e1mitku proti zpracov\u00e1n\u00ed na z\u00e1klad\u011b opr\u00e1vn\u011bn\u00e9ho z\u00e1jmu.<\/li>\n\n\n\n<li><strong>Pr\u00e1vo odvolat souhlas:<\/strong>\u00a0Pokud jste poskytli souhlas se zpracov\u00e1n\u00edm, m\u016f\u017eete jej kdykoli odvolat.<\/li>\n\n\n\n<li><strong>Pr\u00e1vo podat st\u00ed\u017enost:<\/strong>\u00a0Pokud nejste spokojeni, m\u016f\u017eete se obr\u00e1tit na\u00a0<strong>\u00da\u0159ad pro ochranu osobn\u00edch \u00fadaj\u016f<\/strong>(<a href=\"http:\/\/www.uoou.cz\/\">www.uoou.cz<\/a>).<\/li>\n<\/ul>\n\n\n\n<hr class=\"wp-block-separator has-alpha-channel-opacity\"\/>\n\n\n\n<h3 class=\"wp-block-heading\"><strong>Kontakt<\/strong><\/h3>\n\n\n\n<p>Pokud m\u00e1te jak\u00e9koli dotazy, kontaktujte n\u00e1s:<\/p>\n\n\n\n<p><strong>Email:<\/strong>&nbsp;<a>studio@dancedifferent.cz<\/a><br><strong>Adresa:<\/strong>&nbsp;Bojasova 1250\/17, 182 00 Praha 8 \u2013 Kobylisy<br><strong>I\u010c:<\/strong>&nbsp;05732310<\/p>\n<\/div>\n","protected":false},"excerpt":{"rendered":"<p>\u00davodn\u00ed ustanoven\u00edYaroslav Loginov, I\u010c:&nbsp;05732310, se s\u00eddlem&nbsp;Bojasova 1250\/17, 182 00 Praha 8 \u2013 Kobylisy, poskytuje slu\u017eby v oblasti v\u00fduky tance a po\u0159\u00e1d\u00e1n\u00ed kulturn\u00edch a spole\u010densk\u00fdch akc\u00ed pod obchodn\u00ed zna\u010dkou&nbsp;\u201eDanceDifferent\u201c&nbsp;(d\u00e1le jen \u201eDanceDifferent\u201c).Tento dokument informuje subjekty osobn\u00edch \u00fadaj\u016f o shroma\u017e\u010fov\u00e1n\u00ed a zpracov\u00e1v\u00e1n\u00ed osobn\u00edch \u00fadaj\u016f v souladu s&nbsp;Na\u0159\u00edzen\u00edm Evropsk\u00e9ho parlamentu a Rady (EU) 2016\/679 (GDPR)&nbsp;a souvisej\u00edc\u00edmi \u010desk\u00fdmi pr\u00e1vn\u00edmi p\u0159edpisy. [&hellip;]<\/p>\n","protected":false},"author":1,"featured_media":92830,"parent":0,"menu_order":0,"comment_status":"closed","ping_status":"closed","template":"page-no-title","meta":{"footnotes":""},"class_list":["post-99485","page","type-page","status-publish","has-post-thumbnail","hentry"],"_links":{"self":[{"href":"https:\/\/dancedifferent.cz\/en\/wp-json\/wp\/v2\/pages\/99485","targetHints":{"allow":["GET"]}}],"collection":[{"href":"https:\/\/dancedifferent.cz\/en\/wp-json\/wp\/v2\/pages"}],"about":[{"href":"https:\/\/dancedifferent.cz\/en\/wp-json\/wp\/v2\/types\/page"}],"author":[{"embeddable":true,"href":"https:\/\/dancedifferent.cz\/en\/wp-json\/wp\/v2\/users\/1"}],"replies":[{"embeddable":true,"href":"https:\/\/dancedifferent.cz\/en\/wp-json\/wp\/v2\/comments?post=99485"}],"version-history":[{"count":1,"href":"https:\/\/dancedifferent.cz\/en\/wp-json\/wp\/v2\/pages\/99485\/revisions"}],"predecessor-version":[{"id":99488,"href":"https:\/\/dancedifferent.cz\/en\/wp-json\/wp\/v2\/pages\/99485\/revisions\/99488"}],"wp:featuredmedia":[{"embeddable":true,"href":"https:\/\/dancedifferent.cz\/en\/wp-json\/wp\/v2\/media\/92830"}],"wp:attachment":[{"href":"https:\/\/dancedifferent.cz\/en\/wp-json\/wp\/v2\/media?parent=99485"}],"curies":[{"name":"wp","href":"https:\/\/api.w.org\/{rel}","templated":true}]}}